{"id":20,"date":"2022-06-13T21:18:59","date_gmt":"2022-06-13T19:18:59","guid":{"rendered":"http:\/\/latoiledumenuisier.fr\/?page_id=20"},"modified":"2025-07-03T17:02:39","modified_gmt":"2025-07-03T15:02:39","slug":"la-vitrerie","status":"publish","type":"page","link":"https:\/\/latoiledumenuisier.fr\/index.php\/la-vitrerie\/","title":{"rendered":"La vitrerie"},"content":{"rendered":"\t\t<div data-elementor-type=\"wp-page\" data-elementor-id=\"20\" class=\"elementor elementor-20\" data-elementor-post-type=\"page\">\n\t\t\t\t<div class=\"elementor-element elementor-element-eaa0832 e-flex e-con-boxed e-con e-parent\" data-id=\"eaa0832\" data-element_type=\"container\" data-e-type=\"container\">\n\t\t\t\t\t<div class=\"e-con-inner\">\n\t\t<div class=\"elementor-element elementor-element-3cfa6dc e-con-full e-flex e-con e-child\" data-id=\"3cfa6dc\" data-element_type=\"container\" data-e-type=\"container\">\n\t\t\t\t<div class=\"elementor-element elementor-element-f82cc89 premium-lottie-svg elementor-widget elementor-widget-premium-lottie\" data-id=\"f82cc89\" data-element_type=\"widget\" data-e-type=\"widget\" data-widget_type=\"premium-lottie.default\">\n\t\t\t\t<div class=\"elementor-widget-container\">\n\t\t\t\t\t\n\t\t<div class=\"premium-lottie-animation\" data-lottie-url=\"https:\/\/assets2.lottiefiles.com\/packages\/lf20_02dhf7x2.json\" data-lottie-loop=\"true\" data-lottie-reverse=\"\" data-lottie-hover=\"\" data-lottie-speed=\"1\" data-lottie-render=\"svg\" data-lottie-delay=\"\">\n\t\t\t\t\t<\/div>\n\n\t\t\t\t\t\t<\/div>\n\t\t\t\t<\/div>\n\t\t\t\t<div class=\"elementor-element elementor-element-df0116d elementor-widget elementor-widget-heading\" data-id=\"df0116d\" data-element_type=\"widget\" data-e-type=\"widget\" data-settings=\"{&quot;_animation_mobile&quot;:&quot;none&quot;}\" data-widget_type=\"heading.default\">\n\t\t\t\t<div class=\"elementor-widget-container\">\n\t\t\t\t\t<p class=\"elementor-heading-title elementor-size-default\">Une urgence ou un projet d'am\u00e9lioration de vos vitrages ?<\/p>\t\t\t\t<\/div>\n\t\t\t\t<\/div>\n\t\t\t\t<div class=\"elementor-element elementor-element-fb20a6d elementor-widget elementor-widget-heading\" data-id=\"fb20a6d\" data-element_type=\"widget\" data-e-type=\"widget\" data-widget_type=\"heading.default\">\n\t\t\t\t<div class=\"elementor-widget-container\">\n\t\t\t\t\t<h2 class=\"elementor-heading-title elementor-size-default\">S\u00c9CURISATION, AM\u00c9LIORATION PHONIQUE<\/h2>\t\t\t\t<\/div>\n\t\t\t\t<\/div>\n\t\t\t\t<div class=\"elementor-element elementor-element-a6a2810 elementor-widget elementor-widget-text-editor\" data-id=\"a6a2810\" data-element_type=\"widget\" data-e-type=\"widget\" data-widget_type=\"text-editor.default\">\n\t\t\t\t<div class=\"elementor-widget-container\">\n\t\t\t\t\t\t\t\t\t<p data-start=\"235\" data-end=\"481\">Vous avez un projet de r\u00e9novation ou une vitre cass\u00e9e \u00e0 remplacer en urgence ? La Toile du Menuisier, vitrier \u00e0 Chamb\u00e9ry, intervient rapidement pour le remplacement de vitrages cass\u00e9s ou pour l&rsquo;am\u00e9lioration de votre confort thermique et phonique.<\/p>\t\t\t\t\t\t\t\t<\/div>\n\t\t\t\t<\/div>\n\t\t\t\t<\/div>\n\t\t\t\t\t<\/div>\n\t\t\t\t<\/div>\n\t\t<div class=\"elementor-element elementor-element-23b8993 e-flex e-con-boxed e-con e-parent\" data-id=\"23b8993\" data-element_type=\"container\" data-e-type=\"container\">\n\t\t\t\t\t<div class=\"e-con-inner\">\n\t\t<div class=\"elementor-element elementor-element-c3abd88 e-con-full e-flex e-con e-child\" data-id=\"c3abd88\" data-element_type=\"container\" data-e-type=\"container\">\n\t\t\t\t<div class=\"elementor-element elementor-element-191f218 elementor-widget elementor-widget-heading\" data-id=\"191f218\" data-element_type=\"widget\" data-e-type=\"widget\" data-widget_type=\"heading.default\">\n\t\t\t\t<div class=\"elementor-widget-container\">\n\t\t\t\t\t<h3 class=\"elementor-heading-title elementor-size-default\">Vitre cass\u00e9e ou vandalisme : une intervention rapide en Savoie<\/h3>\t\t\t\t<\/div>\n\t\t\t\t<\/div>\n\t\t\t\t<div class=\"elementor-element elementor-element-ce5138c elementor-widget elementor-widget-text-editor\" data-id=\"ce5138c\" data-element_type=\"widget\" data-e-type=\"widget\" data-widget_type=\"text-editor.default\">\n\t\t\t\t<div class=\"elementor-widget-container\">\n\t\t\t\t\t\t\t\t\t<p data-start=\"552\" data-end=\"841\">Une vitre bris\u00e9e, un acte de vandalisme ou un besoin de s\u00e9curiser rapidement votre habitation ? Nous assurons la pose et le remplacement de vitrages en urgence \u00e0 Chamb\u00e9ry et dans toute la Savoie. Nous travaillons avec des produits verriers de qualit\u00e9, adapt\u00e9s \u00e0 vos menuiseries existantes.<\/p>\t\t\t\t\t\t\t\t<\/div>\n\t\t\t\t<\/div>\n\t\t\t\t<div class=\"elementor-element elementor-element-d24d0d7 elementor-widget elementor-widget-heading\" data-id=\"d24d0d7\" data-element_type=\"widget\" data-e-type=\"widget\" data-widget_type=\"heading.default\">\n\t\t\t\t<div class=\"elementor-widget-container\">\n\t\t\t\t\t<h3 class=\"elementor-heading-title elementor-size-default\">Confort, s\u00e9curit\u00e9 et isolation : des vitrages performants<\/h3>\t\t\t\t<\/div>\n\t\t\t\t<\/div>\n\t\t\t\t<div class=\"elementor-element elementor-element-21058c1 elementor-widget elementor-widget-text-editor\" data-id=\"21058c1\" data-element_type=\"widget\" data-e-type=\"widget\" data-widget_type=\"text-editor.default\">\n\t\t\t\t<div class=\"elementor-widget-container\">\n\t\t\t\t\t\t\t\t\t<p data-start=\"907\" data-end=\"1205\">Que ce soit dans le cadre d\u2019une r\u00e9novation ou pour am\u00e9liorer l\u2019isolation thermique ou phonique de votre logement, nous vous proposons des vitrages sur-mesure. Double vitrage, vitrage anti-effraction, verre acoustique\u2026 La Toile du Menuisier vous conseille les meilleures solutions selon vos besoins.<\/p>\t\t\t\t\t\t\t\t<\/div>\n\t\t\t\t<\/div>\n\t\t\t\t<\/div>\n\t\t<div class=\"elementor-element elementor-element-3a4952c e-con-full e-flex e-con e-child\" data-id=\"3a4952c\" data-element_type=\"container\" data-e-type=\"container\">\n\t\t\t\t<div class=\"elementor-element elementor-element-3d9fe34 elementor-widget elementor-widget-image\" data-id=\"3d9fe34\" data-element_type=\"widget\" data-e-type=\"widget\" data-widget_type=\"image.default\">\n\t\t\t\t<div class=\"elementor-widget-container\">\n\t\t\t\t\t\t\t\t\t\t\t\t\t\t\t<img fetchpriority=\"high\" decoding=\"async\" width=\"1024\" height=\"683\" src=\"https:\/\/i0.wp.com\/latoiledumenuisier.fr\/wp-content\/uploads\/2022\/08\/Vitrerie-2.jpg?fit=1024%2C683&amp;ssl=1\" class=\"attachment-large size-large wp-image-244\" alt=\"\" srcset=\"https:\/\/i0.wp.com\/latoiledumenuisier.fr\/wp-content\/uploads\/2022\/08\/Vitrerie-2.jpg?w=1920&amp;ssl=1 1920w, https:\/\/i0.wp.com\/latoiledumenuisier.fr\/wp-content\/uploads\/2022\/08\/Vitrerie-2.jpg?resize=300%2C200&amp;ssl=1 300w, https:\/\/i0.wp.com\/latoiledumenuisier.fr\/wp-content\/uploads\/2022\/08\/Vitrerie-2.jpg?resize=1024%2C683&amp;ssl=1 1024w, https:\/\/i0.wp.com\/latoiledumenuisier.fr\/wp-content\/uploads\/2022\/08\/Vitrerie-2.jpg?resize=768%2C512&amp;ssl=1 768w, https:\/\/i0.wp.com\/latoiledumenuisier.fr\/wp-content\/uploads\/2022\/08\/Vitrerie-2.jpg?resize=1536%2C1025&amp;ssl=1 1536w\" sizes=\"(max-width: 1024px) 100vw, 1024px\" \/>\t\t\t\t\t\t\t\t\t\t\t\t\t\t\t<\/div>\n\t\t\t\t<\/div>\n\t\t\t\t<\/div>\n\t\t\t\t\t<\/div>\n\t\t\t\t<\/div>\n\t\t<div class=\"elementor-element elementor-element-f1f65cc e-flex e-con-boxed e-con e-parent\" data-id=\"f1f65cc\" data-element_type=\"container\" data-e-type=\"container\">\n\t\t\t\t\t<div class=\"e-con-inner\">\n\t\t<div class=\"elementor-element elementor-element-ce4d9d1 e-con-full e-flex e-con e-child\" data-id=\"ce4d9d1\" data-element_type=\"container\" data-e-type=\"container\">\n\t\t\t\t<div class=\"elementor-element elementor-element-c78201f elementor-widget elementor-widget-premium-addon-banner\" data-id=\"c78201f\" data-element_type=\"widget\" data-e-type=\"widget\" data-widget_type=\"premium-addon-banner.default\">\n\t\t\t\t<div class=\"elementor-widget-container\">\n\t\t\t\t\t\t\t<div class=\"premium-banner-ib premium-banner-min-height premium-banner-animation4 zoomin premium-banner__effect-type2\">\n\t\t\t\t\t\t\t\t\t\t<img decoding=\"async\" width=\"600\" height=\"800\" src=\"https:\/\/i0.wp.com\/latoiledumenuisier.fr\/wp-content\/uploads\/2025\/03\/bris-de-glace-2.jpg?fit=600%2C800&amp;ssl=1\" class=\"attachment-full size-full wp-image-1172\" alt=\"\" srcset=\"https:\/\/i0.wp.com\/latoiledumenuisier.fr\/wp-content\/uploads\/2025\/03\/bris-de-glace-2.jpg?w=600&amp;ssl=1 600w, https:\/\/i0.wp.com\/latoiledumenuisier.fr\/wp-content\/uploads\/2025\/03\/bris-de-glace-2.jpg?resize=225%2C300&amp;ssl=1 225w\" sizes=\"(max-width: 600px) 100vw, 600px\" \/>\t\t\t\t\t\t\t\t\t<div class=\"premium-banner-ib-desc\">\n\t\t\t\t\n\t\t\t\t\t\t\t\t\t<h3 class=\"premium-banner-ib-title premium_banner_title\">\n\t\t\t\t\t\tD\u00e9pannage\t\t\t\t\t<\/h3>\n\t\t\t\t\n\t\t\t\t\t\t\t\t\t<div class=\"premium-banner-ib-content premium_banner_content\">\n\t\t\t\t\t\t<p>Vitre cass\u00e9e, tentative de vandalisme ? Nous nous d\u00e9pla\u00e7ons en urgence pour s\u00e9curiser les lieux et remettre en conformit\u00e9 les vitrages endommag\u00e9s.<\/p>\t\t\t\t\t<\/div>\n\t\t\t\t\n\t\t\t\t\n\t\t\t\t\t\t\t<\/div>\n\t\t\t\t\t<\/div>\n\n\t\t\t\t\t\t<\/div>\n\t\t\t\t<\/div>\n\t\t\t\t<\/div>\n\t\t<div class=\"elementor-element elementor-element-9275653 e-con-full e-flex e-con e-child\" data-id=\"9275653\" data-element_type=\"container\" data-e-type=\"container\">\n\t\t\t\t<div class=\"elementor-element elementor-element-6067581 elementor-widget elementor-widget-premium-addon-banner\" data-id=\"6067581\" data-element_type=\"widget\" data-e-type=\"widget\" data-widget_type=\"premium-addon-banner.default\">\n\t\t\t\t<div class=\"elementor-widget-container\">\n\t\t\t\t\t\t\t<div class=\"premium-banner-ib premium-banner-min-height premium-banner-animation4 zoomin premium-banner__effect-type2\">\n\t\t\t\t\t\t\t\t\t\t<img decoding=\"async\" width=\"600\" height=\"800\" src=\"https:\/\/i0.wp.com\/latoiledumenuisier.fr\/wp-content\/uploads\/2025\/03\/renovation-fenetre.webp?fit=600%2C800&amp;ssl=1\" class=\"attachment-full size-full wp-image-1171\" alt=\"\" srcset=\"https:\/\/i0.wp.com\/latoiledumenuisier.fr\/wp-content\/uploads\/2025\/03\/renovation-fenetre.webp?w=600&amp;ssl=1 600w, https:\/\/i0.wp.com\/latoiledumenuisier.fr\/wp-content\/uploads\/2025\/03\/renovation-fenetre.webp?resize=225%2C300&amp;ssl=1 225w\" sizes=\"(max-width: 600px) 100vw, 600px\" \/>\t\t\t\t\t\t\t\t\t<div class=\"premium-banner-ib-desc\">\n\t\t\t\t\n\t\t\t\t\t\t\t\t\t<h3 class=\"premium-banner-ib-title premium_banner_title\">\n\t\t\t\t\t\tR\u00e9novation\t\t\t\t\t<\/h3>\n\t\t\t\t\n\t\t\t\t\t\t\t\t\t<div class=\"premium-banner-ib-content premium_banner_content\">\n\t\t\t\t\t\t<p>Besoin de double vitrage sur des menuiseries existantes en bois, le n\u00e9oclaire est l\u00e0 pour vous satisfaire.<\/p>\t\t\t\t\t<\/div>\n\t\t\t\t\n\t\t\t\t\n\t\t\t\t\t\t\t<\/div>\n\t\t\t\t\t<\/div>\n\n\t\t\t\t\t\t<\/div>\n\t\t\t\t<\/div>\n\t\t\t\t<\/div>\n\t\t<div class=\"elementor-element elementor-element-afd8b2a e-con-full e-flex e-con e-child\" data-id=\"afd8b2a\" data-element_type=\"container\" data-e-type=\"container\">\n\t\t\t\t<div class=\"elementor-element elementor-element-edb4da5 elementor-widget elementor-widget-premium-addon-banner\" data-id=\"edb4da5\" data-element_type=\"widget\" data-e-type=\"widget\" data-widget_type=\"premium-addon-banner.default\">\n\t\t\t\t<div class=\"elementor-widget-container\">\n\t\t\t\t\t\t\t<div class=\"premium-banner-ib premium-banner-min-height premium-banner-animation4 zoomin premium-banner__effect-type2\">\n\t\t\t\t\t\t\t\t\t\t<img loading=\"lazy\" decoding=\"async\" width=\"600\" height=\"800\" src=\"https:\/\/i0.wp.com\/latoiledumenuisier.fr\/wp-content\/uploads\/2025\/03\/double-vitrage.webp?fit=600%2C800&amp;ssl=1\" class=\"attachment-full size-full wp-image-1170\" alt=\"\" srcset=\"https:\/\/i0.wp.com\/latoiledumenuisier.fr\/wp-content\/uploads\/2025\/03\/double-vitrage.webp?w=600&amp;ssl=1 600w, https:\/\/i0.wp.com\/latoiledumenuisier.fr\/wp-content\/uploads\/2025\/03\/double-vitrage.webp?resize=225%2C300&amp;ssl=1 225w\" sizes=\"(max-width: 600px) 100vw, 600px\" \/>\t\t\t\t\t\t\t\t\t<div class=\"premium-banner-ib-desc\">\n\t\t\t\t\n\t\t\t\t\t\t\t\t\t<h3 class=\"premium-banner-ib-title premium_banner_title\">\n\t\t\t\t\t\tS\u00e9curisation\t\t\t\t\t<\/h3>\n\t\t\t\t\n\t\t\t\t\t\t\t\t\t<div class=\"premium-banner-ib-content premium_banner_content\">\n\t\t\t\t\t\t<p>Double ou triple vitrage avec face stadip (retardateur d&rsquo;effraction), vitrage plus silencieux , vitrage teint\u00e9, vitrage\u00a0antelio (effet miroir), vitrage SP10\/15&#8230;<\/p>\t\t\t\t\t<\/div>\n\t\t\t\t\n\t\t\t\t\n\t\t\t\t\t\t\t<\/div>\n\t\t\t\t\t<\/div>\n\n\t\t\t\t\t\t<\/div>\n\t\t\t\t<\/div>\n\t\t\t\t<\/div>\n\t\t\t\t\t<\/div>\n\t\t\t\t<\/div>\n\t\t<div class=\"elementor-element elementor-element-5851620 e-flex e-con-boxed e-con e-parent\" data-id=\"5851620\" data-element_type=\"container\" data-e-type=\"container\">\n\t\t\t\t\t<div class=\"e-con-inner\">\n\t\t<div class=\"elementor-element elementor-element-cef0aff e-con-full e-flex e-con e-child\" data-id=\"cef0aff\" data-element_type=\"container\" data-e-type=\"container\">\n\t\t\t\t<div class=\"elementor-element elementor-element-703eb5c elementor-widget elementor-widget-image\" data-id=\"703eb5c\" data-element_type=\"widget\" data-e-type=\"widget\" data-widget_type=\"image.default\">\n\t\t\t\t<div class=\"elementor-widget-container\">\n\t\t\t\t\t\t\t\t\t\t\t\t\t\t\t<img loading=\"lazy\" decoding=\"async\" width=\"1440\" height=\"810\" src=\"https:\/\/i0.wp.com\/latoiledumenuisier.fr\/wp-content\/uploads\/2025\/03\/vitrage-standard.webp?fit=1440%2C810&amp;ssl=1\" class=\"attachment-full size-full wp-image-1173\" alt=\"\" srcset=\"https:\/\/i0.wp.com\/latoiledumenuisier.fr\/wp-content\/uploads\/2025\/03\/vitrage-standard.webp?w=1440&amp;ssl=1 1440w, https:\/\/i0.wp.com\/latoiledumenuisier.fr\/wp-content\/uploads\/2025\/03\/vitrage-standard.webp?resize=300%2C169&amp;ssl=1 300w, https:\/\/i0.wp.com\/latoiledumenuisier.fr\/wp-content\/uploads\/2025\/03\/vitrage-standard.webp?resize=1024%2C576&amp;ssl=1 1024w, https:\/\/i0.wp.com\/latoiledumenuisier.fr\/wp-content\/uploads\/2025\/03\/vitrage-standard.webp?resize=768%2C432&amp;ssl=1 768w, https:\/\/i0.wp.com\/latoiledumenuisier.fr\/wp-content\/uploads\/2025\/03\/vitrage-standard.webp?resize=800%2C450&amp;ssl=1 800w\" sizes=\"(max-width: 1200px) 100vw, 1200px\" \/>\t\t\t\t\t\t\t\t\t\t\t\t\t\t\t<\/div>\n\t\t\t\t<\/div>\n\t\t\t\t<\/div>\n\t\t<div class=\"elementor-element elementor-element-54d859d e-con-full e-flex e-con e-child\" data-id=\"54d859d\" data-element_type=\"container\" data-e-type=\"container\">\n\t\t\t\t<div class=\"elementor-element elementor-element-09bafba elementor-widget elementor-widget-heading\" data-id=\"09bafba\" data-element_type=\"widget\" data-e-type=\"widget\" data-settings=\"{&quot;_animation_mobile&quot;:&quot;none&quot;}\" data-widget_type=\"heading.default\">\n\t\t\t\t<div class=\"elementor-widget-container\">\n\t\t\t\t\t<p class=\"elementor-heading-title elementor-size-default\">Beaucoup de choix : on vous explique<\/p>\t\t\t\t<\/div>\n\t\t\t\t<\/div>\n\t\t\t\t<div class=\"elementor-element elementor-element-c9e3ce9 elementor-widget elementor-widget-heading\" data-id=\"c9e3ce9\" data-element_type=\"widget\" data-e-type=\"widget\" data-widget_type=\"heading.default\">\n\t\t\t\t<div class=\"elementor-widget-container\">\n\t\t\t\t\t<h2 class=\"elementor-heading-title elementor-size-default\">Quels types de vitrage choisir ? Nos experts vous conseillent<\/h2>\t\t\t\t<\/div>\n\t\t\t\t<\/div>\n\t\t\t\t<div class=\"elementor-element elementor-element-c5cddc0 elementor-widget elementor-widget-text-editor\" data-id=\"c5cddc0\" data-element_type=\"widget\" data-e-type=\"widget\" data-widget_type=\"text-editor.default\">\n\t\t\t\t<div class=\"elementor-widget-container\">\n\t\t\t\t\t\t\t\t\t<p><strong data-start=\"204\" data-end=\"256\">Vitrage simple, double, triple, opaque ou blind\u00e9<\/strong> : il existe de nombreuses solutions pour r\u00e9pondre \u00e0 vos besoins en isolation, en s\u00e9curit\u00e9 ou en esth\u00e9tique. La Toile du Menuisier, votre expert en vitrerie \u00e0 Chamb\u00e9ry, vous guide dans le choix du vitrage le plus adapt\u00e9 \u00e0 votre projet.<\/p>\t\t\t\t\t\t\t\t<\/div>\n\t\t\t\t<\/div>\n\t\t\t\t<\/div>\n\t\t\t\t\t<\/div>\n\t\t\t\t<\/div>\n\t\t<div class=\"elementor-element elementor-element-1bb6dea e-flex e-con-boxed e-con e-parent\" data-id=\"1bb6dea\" data-element_type=\"container\" data-e-type=\"container\">\n\t\t\t\t\t<div class=\"e-con-inner\">\n\t\t<div class=\"elementor-element elementor-element-304c1ad e-con-full e-flex e-con e-child\" data-id=\"304c1ad\" data-element_type=\"container\" data-e-type=\"container\">\n\t\t\t\t<div class=\"elementor-element elementor-element-e7b539d elementor-widget elementor-widget-text-editor\" data-id=\"e7b539d\" data-element_type=\"widget\" data-e-type=\"widget\" data-widget_type=\"text-editor.default\">\n\t\t\t\t<div class=\"elementor-widget-container\">\n\t\t\t\t\t\t\t\t\t<h4 data-start=\"493\" data-end=\"532\">Les principaux types de vitrages :<\/h4><ul data-start=\"534\" data-end=\"1084\"><li data-start=\"534\" data-end=\"634\"><strong data-start=\"536\" data-end=\"557\">Le vitrage simple<\/strong> : \u00e9conomique, il convient aux pi\u00e8ces non chauff\u00e9es ou aux b\u00e2timents annexes.<\/li><li data-start=\"635\" data-end=\"736\"><strong data-start=\"637\" data-end=\"658\">Le double vitrage<\/strong> : id\u00e9al pour am\u00e9liorer l\u2019isolation thermique et phonique de votre habitation.<\/li><li data-start=\"737\" data-end=\"864\"><strong data-start=\"739\" data-end=\"760\">Le triple vitrage<\/strong> : encore plus performant, il convient parfaitement aux maisons basse consommation ou expos\u00e9es au bruit.<\/li><li data-start=\"865\" data-end=\"968\"><strong data-start=\"867\" data-end=\"888\">Le vitrage opaque<\/strong> : parfait pour pr\u00e9server votre intimit\u00e9 dans les salles de bain ou les bureaux.<\/li><li data-start=\"969\" data-end=\"1084\"><strong data-start=\"971\" data-end=\"1003\">Le vitrage blind\u00e9 \/ s\u00e9curit\u00e9<\/strong> : recommand\u00e9 pour renforcer la s\u00e9curit\u00e9 contre les effractions ou le vandalisme.<\/li><\/ul><p data-start=\"1086\" data-end=\"1238\">Chaque vitrage a ses avantages, et nos professionnels sont l\u00e0 pour vous expliquer les diff\u00e9rences et vous orienter vers la solution la plus performante.<\/p>\t\t\t\t\t\t\t\t<\/div>\n\t\t\t\t<\/div>\n\t\t\t\t<\/div>\n\t\t\t\t\t<\/div>\n\t\t\t\t<\/div>\n\t\t<div class=\"elementor-element elementor-element-6924594 e-flex e-con-boxed e-con e-parent\" data-id=\"6924594\" data-element_type=\"container\" data-e-type=\"container\">\n\t\t\t\t\t<div class=\"e-con-inner\">\n\t\t<div class=\"elementor-element elementor-element-983d415 e-con-full e-flex e-con e-child\" data-id=\"983d415\" data-element_type=\"container\" data-e-type=\"container\">\n\t\t\t\t<div class=\"elementor-element elementor-element-3522bb8 elementor-widget elementor-widget-image\" data-id=\"3522bb8\" data-element_type=\"widget\" data-e-type=\"widget\" data-widget_type=\"image.default\">\n\t\t\t\t<div class=\"elementor-widget-container\">\n\t\t\t\t\t\t\t\t\t\t\t\t\t\t\t<img loading=\"lazy\" decoding=\"async\" width=\"1024\" height=\"1024\" src=\"https:\/\/i0.wp.com\/latoiledumenuisier.fr\/wp-content\/uploads\/2022\/08\/verre-depoli-acide-epaisseur-6-mm_0.jpg?fit=1024%2C1024&amp;ssl=1\" class=\"attachment-large size-large wp-image-241\" alt=\"\" srcset=\"https:\/\/i0.wp.com\/latoiledumenuisier.fr\/wp-content\/uploads\/2022\/08\/verre-depoli-acide-epaisseur-6-mm_0.jpg?w=1500&amp;ssl=1 1500w, https:\/\/i0.wp.com\/latoiledumenuisier.fr\/wp-content\/uploads\/2022\/08\/verre-depoli-acide-epaisseur-6-mm_0.jpg?resize=300%2C300&amp;ssl=1 300w, https:\/\/i0.wp.com\/latoiledumenuisier.fr\/wp-content\/uploads\/2022\/08\/verre-depoli-acide-epaisseur-6-mm_0.jpg?resize=1024%2C1024&amp;ssl=1 1024w, https:\/\/i0.wp.com\/latoiledumenuisier.fr\/wp-content\/uploads\/2022\/08\/verre-depoli-acide-epaisseur-6-mm_0.jpg?resize=150%2C150&amp;ssl=1 150w, https:\/\/i0.wp.com\/latoiledumenuisier.fr\/wp-content\/uploads\/2022\/08\/verre-depoli-acide-epaisseur-6-mm_0.jpg?resize=768%2C768&amp;ssl=1 768w, https:\/\/i0.wp.com\/latoiledumenuisier.fr\/wp-content\/uploads\/2022\/08\/verre-depoli-acide-epaisseur-6-mm_0.jpg?w=600&amp;ssl=1 600w\" sizes=\"(max-width: 1024px) 100vw, 1024px\" \/>\t\t\t\t\t\t\t\t\t\t\t\t\t\t\t<\/div>\n\t\t\t\t<\/div>\n\t\t\t\t<\/div>\n\t\t<div class=\"elementor-element elementor-element-d12e3cf e-con-full e-flex e-con e-child\" data-id=\"d12e3cf\" data-element_type=\"container\" data-e-type=\"container\">\n\t\t\t\t<div class=\"elementor-element elementor-element-29abca9 elementor-widget elementor-widget-heading\" data-id=\"29abca9\" data-element_type=\"widget\" data-e-type=\"widget\" data-settings=\"{&quot;_animation_mobile&quot;:&quot;none&quot;}\" data-widget_type=\"heading.default\">\n\t\t\t\t<div class=\"elementor-widget-container\">\n\t\t\t\t\t<p class=\"elementor-heading-title elementor-size-default\">\u00c9l\u00e9gance et intimit\u00e9<\/p>\t\t\t\t<\/div>\n\t\t\t\t<\/div>\n\t\t\t\t<div class=\"elementor-element elementor-element-d1cff89 elementor-widget elementor-widget-heading\" data-id=\"d1cff89\" data-element_type=\"widget\" data-e-type=\"widget\" data-widget_type=\"heading.default\">\n\t\t\t\t<div class=\"elementor-widget-container\">\n\t\t\t\t\t<h2 class=\"elementor-heading-title elementor-size-default\">Le vitrage d\u00e9poli \u00e0 l\u2019acide<\/h2>\t\t\t\t<\/div>\n\t\t\t\t<\/div>\n\t\t\t\t<div class=\"elementor-element elementor-element-837308f elementor-widget elementor-widget-text-editor\" data-id=\"837308f\" data-element_type=\"widget\" data-e-type=\"widget\" data-widget_type=\"text-editor.default\">\n\t\t\t\t<div class=\"elementor-widget-container\">\n\t\t\t\t\t\t\t\t\t<p data-start=\"178\" data-end=\"389\">Le <strong data-start=\"181\" data-end=\"209\">vitrage d\u00e9poli \u00e0 l\u2019acide<\/strong> est un verre translucide qui laisse passer la lumi\u00e8re tout en occultant la vue. Il est obtenu par un traitement chimique de surface qui lui donne un aspect satin\u00e9 tr\u00e8s esth\u00e9tique.<\/p><h4 data-start=\"391\" data-end=\"441\">Les avantages du vitrage d\u00e9poli \u00e0 l\u2019acide :<\/h4><ul data-start=\"442\" data-end=\"829\"><li data-start=\"442\" data-end=\"512\"><strong data-start=\"444\" data-end=\"467\">Pr\u00e9serve l\u2019intimit\u00e9<\/strong> tout en laissant passer la lumi\u00e8re naturelle<\/li><li data-start=\"513\" data-end=\"597\"><strong data-start=\"515\" data-end=\"597\">Id\u00e9al pour les salles de bain, bureaux, portes vitr\u00e9es ou cloisons int\u00e9rieures<\/strong><\/li><li data-start=\"598\" data-end=\"657\"><strong data-start=\"600\" data-end=\"628\">Aspect moderne et design<\/strong>, avec un rendu haut de gamme<\/li><li data-start=\"658\" data-end=\"738\"><strong data-start=\"660\" data-end=\"682\">Facile d\u2019entretien<\/strong> : la surface trait\u00e9e \u00e0 l\u2019acide retient moins les traces<\/li><li data-start=\"739\" data-end=\"829\"><strong data-start=\"741\" data-end=\"778\">Compatible avec le double vitrage<\/strong> pour une isolation thermique et phonique renforc\u00e9e<\/li><\/ul><p data-start=\"831\" data-end=\"945\">C\u2019est une solution parfaite pour cr\u00e9er des espaces lumineux sans vis-\u00e0-vis, en associant esth\u00e9tisme et discr\u00e9tion.<\/p>\t\t\t\t\t\t\t\t<\/div>\n\t\t\t\t<\/div>\n\t\t\t\t<\/div>\n\t\t\t\t\t<\/div>\n\t\t\t\t<\/div>\n\t\t<div class=\"elementor-element elementor-element-59f6aa0 e-flex e-con-boxed e-con e-parent\" data-id=\"59f6aa0\" data-element_type=\"container\" data-e-type=\"container\">\n\t\t\t\t\t<div class=\"e-con-inner\">\n\t\t<div class=\"elementor-element elementor-element-f12e8a8 e-con-full e-flex e-con e-child\" data-id=\"f12e8a8\" data-element_type=\"container\" data-e-type=\"container\">\n\t\t\t\t<div class=\"elementor-element elementor-element-0e08574 elementor-widget elementor-widget-heading\" data-id=\"0e08574\" data-element_type=\"widget\" data-e-type=\"widget\" data-settings=\"{&quot;_animation_mobile&quot;:&quot;none&quot;}\" data-widget_type=\"heading.default\">\n\t\t\t\t<div class=\"elementor-widget-container\">\n\t\t\t\t\t<p class=\"elementor-heading-title elementor-size-default\">s\u00e9curit\u00e9 renforc\u00e9e et protection<\/p>\t\t\t\t<\/div>\n\t\t\t\t<\/div>\n\t\t\t\t<div class=\"elementor-element elementor-element-8faa56e elementor-widget elementor-widget-heading\" data-id=\"8faa56e\" data-element_type=\"widget\" data-e-type=\"widget\" data-widget_type=\"heading.default\">\n\t\t\t\t<div class=\"elementor-widget-container\">\n\t\t\t\t\t<h2 class=\"elementor-heading-title elementor-size-default\">Le vitrage feuillet\u00e9<\/h2>\t\t\t\t<\/div>\n\t\t\t\t<\/div>\n\t\t\t\t<div class=\"elementor-element elementor-element-1929cb3 elementor-widget elementor-widget-text-editor\" data-id=\"1929cb3\" data-element_type=\"widget\" data-e-type=\"widget\" data-widget_type=\"text-editor.default\">\n\t\t\t\t<div class=\"elementor-widget-container\">\n\t\t\t\t\t\t\t\t\t<p data-start=\"179\" data-end=\"384\">Le <strong data-start=\"182\" data-end=\"203\">vitrage feuillet\u00e9<\/strong> est compos\u00e9 de plusieurs feuilles de verre assembl\u00e9es entre elles par un ou plusieurs films plastiques (PVB). En cas de choc, le verre reste en place, \u00e9vitant les \u00e9clats dangereux.<\/p><h4 data-start=\"386\" data-end=\"429\">Les avantages du vitrage feuillet\u00e9 :<\/h4><ul data-start=\"430\" data-end=\"869\"><li data-start=\"430\" data-end=\"505\"><strong data-start=\"432\" data-end=\"464\">Haute r\u00e9sistance aux impacts<\/strong> : il retarde les tentatives d\u2019effraction<\/li><li data-start=\"506\" data-end=\"607\"><strong data-start=\"508\" data-end=\"530\">S\u00e9curit\u00e9 renforc\u00e9e<\/strong> pour les vitrines de magasins, baies vitr\u00e9es ou logements en rez-de-chauss\u00e9e<\/li><li data-start=\"608\" data-end=\"717\"><strong data-start=\"610\" data-end=\"638\">Protection des personnes<\/strong> : en cas de casse, les fragments restent coll\u00e9s au film, \u00e9vitant les blessures<\/li><li data-start=\"718\" data-end=\"788\"><strong data-start=\"720\" data-end=\"755\">R\u00e9duction des nuisances sonores<\/strong> gr\u00e2ce \u00e0 ses propri\u00e9t\u00e9s phoniques<\/li><li data-start=\"789\" data-end=\"869\"><strong data-start=\"791\" data-end=\"808\">Filtre les UV<\/strong> : prot\u00e8ge vos meubles, textiles et objets de la d\u00e9coloration<\/li><\/ul><p data-start=\"871\" data-end=\"1000\">Le vitrage feuillet\u00e9 est recommand\u00e9 dans tous les projets o\u00f9 la <strong data-start=\"935\" data-end=\"981\">s\u00e9curit\u00e9, la tranquillit\u00e9 et la r\u00e9sistance<\/strong> sont prioritaires.<\/p>\t\t\t\t\t\t\t\t<\/div>\n\t\t\t\t<\/div>\n\t\t\t\t<\/div>\n\t\t<div class=\"elementor-element elementor-element-f08774c e-con-full e-flex e-con e-child\" data-id=\"f08774c\" data-element_type=\"container\" data-e-type=\"container\">\n\t\t\t\t<div class=\"elementor-element elementor-element-ff62882 elementor-widget elementor-widget-image\" data-id=\"ff62882\" data-element_type=\"widget\" data-e-type=\"widget\" data-widget_type=\"image.default\">\n\t\t\t\t<div class=\"elementor-widget-container\">\n\t\t\t\t\t\t\t\t\t\t\t\t\t\t\t<img loading=\"lazy\" decoding=\"async\" width=\"1024\" height=\"1024\" src=\"https:\/\/i0.wp.com\/latoiledumenuisier.fr\/wp-content\/uploads\/2022\/08\/verre-feuillete-imprime-200-joints-plats-polis-f442-8-8-mm_0.jpg?fit=1024%2C1024&amp;ssl=1\" class=\"attachment-large size-large wp-image-242\" alt=\"\" srcset=\"https:\/\/i0.wp.com\/latoiledumenuisier.fr\/wp-content\/uploads\/2022\/08\/verre-feuillete-imprime-200-joints-plats-polis-f442-8-8-mm_0.jpg?w=1500&amp;ssl=1 1500w, https:\/\/i0.wp.com\/latoiledumenuisier.fr\/wp-content\/uploads\/2022\/08\/verre-feuillete-imprime-200-joints-plats-polis-f442-8-8-mm_0.jpg?resize=300%2C300&amp;ssl=1 300w, https:\/\/i0.wp.com\/latoiledumenuisier.fr\/wp-content\/uploads\/2022\/08\/verre-feuillete-imprime-200-joints-plats-polis-f442-8-8-mm_0.jpg?resize=1024%2C1024&amp;ssl=1 1024w, https:\/\/i0.wp.com\/latoiledumenuisier.fr\/wp-content\/uploads\/2022\/08\/verre-feuillete-imprime-200-joints-plats-polis-f442-8-8-mm_0.jpg?resize=150%2C150&amp;ssl=1 150w, https:\/\/i0.wp.com\/latoiledumenuisier.fr\/wp-content\/uploads\/2022\/08\/verre-feuillete-imprime-200-joints-plats-polis-f442-8-8-mm_0.jpg?resize=768%2C768&amp;ssl=1 768w, https:\/\/i0.wp.com\/latoiledumenuisier.fr\/wp-content\/uploads\/2022\/08\/verre-feuillete-imprime-200-joints-plats-polis-f442-8-8-mm_0.jpg?w=600&amp;ssl=1 600w\" sizes=\"(max-width: 1024px) 100vw, 1024px\" \/>\t\t\t\t\t\t\t\t\t\t\t\t\t\t\t<\/div>\n\t\t\t\t<\/div>\n\t\t\t\t<\/div>\n\t\t\t\t\t<\/div>\n\t\t\t\t<\/div>\n\t\t<div class=\"elementor-element elementor-element-af8b25a e-flex e-con-boxed e-con e-parent\" data-id=\"af8b25a\" data-element_type=\"container\" data-e-type=\"container\">\n\t\t\t\t\t<div class=\"e-con-inner\">\n\t\t<div class=\"elementor-element elementor-element-2ca2f82 e-con-full e-flex e-con e-child\" data-id=\"2ca2f82\" data-element_type=\"container\" data-e-type=\"container\">\n\t\t\t\t<div class=\"elementor-element elementor-element-8e83b01 elementor-widget elementor-widget-image\" data-id=\"8e83b01\" data-element_type=\"widget\" data-e-type=\"widget\" data-widget_type=\"image.default\">\n\t\t\t\t<div class=\"elementor-widget-container\">\n\t\t\t\t\t\t\t\t\t\t\t\t\t\t\t<img loading=\"lazy\" decoding=\"async\" width=\"1024\" height=\"1024\" src=\"https:\/\/i0.wp.com\/latoiledumenuisier.fr\/wp-content\/uploads\/2022\/08\/apm_1.jpg?fit=1024%2C1024&amp;ssl=1\" class=\"attachment-large size-large wp-image-240\" alt=\"\" srcset=\"https:\/\/i0.wp.com\/latoiledumenuisier.fr\/wp-content\/uploads\/2022\/08\/apm_1.jpg?w=1772&amp;ssl=1 1772w, https:\/\/i0.wp.com\/latoiledumenuisier.fr\/wp-content\/uploads\/2022\/08\/apm_1.jpg?resize=300%2C300&amp;ssl=1 300w, https:\/\/i0.wp.com\/latoiledumenuisier.fr\/wp-content\/uploads\/2022\/08\/apm_1.jpg?resize=1024%2C1024&amp;ssl=1 1024w, https:\/\/i0.wp.com\/latoiledumenuisier.fr\/wp-content\/uploads\/2022\/08\/apm_1.jpg?resize=150%2C150&amp;ssl=1 150w, https:\/\/i0.wp.com\/latoiledumenuisier.fr\/wp-content\/uploads\/2022\/08\/apm_1.jpg?resize=768%2C768&amp;ssl=1 768w, https:\/\/i0.wp.com\/latoiledumenuisier.fr\/wp-content\/uploads\/2022\/08\/apm_1.jpg?resize=1536%2C1536&amp;ssl=1 1536w\" sizes=\"(max-width: 1024px) 100vw, 1024px\" \/>\t\t\t\t\t\t\t\t\t\t\t\t\t\t\t<\/div>\n\t\t\t\t<\/div>\n\t\t\t\t<\/div>\n\t\t<div class=\"elementor-element elementor-element-9e749a7 e-con-full e-flex e-con e-child\" data-id=\"9e749a7\" data-element_type=\"container\" data-e-type=\"container\">\n\t\t\t\t<div class=\"elementor-element elementor-element-ee2cd1f elementor-widget elementor-widget-heading\" data-id=\"ee2cd1f\" data-element_type=\"widget\" data-e-type=\"widget\" data-settings=\"{&quot;_animation_mobile&quot;:&quot;none&quot;}\" data-widget_type=\"heading.default\">\n\t\t\t\t<div class=\"elementor-widget-container\">\n\t\t\t\t\t<p class=\"elementor-heading-title elementor-size-default\">la solution anti-effraction \u00e9conomique<\/p>\t\t\t\t<\/div>\n\t\t\t\t<\/div>\n\t\t\t\t<div class=\"elementor-element elementor-element-addc7db elementor-widget elementor-widget-heading\" data-id=\"addc7db\" data-element_type=\"widget\" data-e-type=\"widget\" data-widget_type=\"heading.default\">\n\t\t\t\t<div class=\"elementor-widget-container\">\n\t\t\t\t\t<h2 class=\"elementor-heading-title elementor-size-default\">Le vitrage arm\u00e9<\/h2>\t\t\t\t<\/div>\n\t\t\t\t<\/div>\n\t\t\t\t<div class=\"elementor-element elementor-element-16b39aa elementor-widget elementor-widget-text-editor\" data-id=\"16b39aa\" data-element_type=\"widget\" data-e-type=\"widget\" data-widget_type=\"text-editor.default\">\n\t\t\t\t<div class=\"elementor-widget-container\">\n\t\t\t\t\t\t\t\t\t<p data-start=\"162\" data-end=\"428\">Le <strong data-start=\"165\" data-end=\"181\">vitrage arm\u00e9<\/strong> est un verre dans lequel est ins\u00e9r\u00e9e une <strong data-start=\"223\" data-end=\"244\">grille m\u00e9tallique<\/strong>. Ce treillis offre une meilleure r\u00e9sistance aux chocs et retient les \u00e9clats en cas de casse. Il est souvent utilis\u00e9 dans les locaux techniques, les caves ou les b\u00e2timents industriels.<\/p><h4 data-start=\"430\" data-end=\"468\">Les avantages du vitrage arm\u00e9 :<\/h4><ul data-start=\"469\" data-end=\"814\"><li data-start=\"469\" data-end=\"535\"><strong data-start=\"471\" data-end=\"497\">Retarde les intrusions<\/strong> gr\u00e2ce \u00e0 sa grille m\u00e9tallique int\u00e9gr\u00e9e<\/li><li data-start=\"536\" data-end=\"605\"><strong data-start=\"538\" data-end=\"567\">\u00c9vite les \u00e9clats de verre<\/strong> en cas de bris, pour plus de s\u00e9curit\u00e9<\/li><li data-start=\"606\" data-end=\"686\"><strong data-start=\"608\" data-end=\"630\">Bonne tenue au feu<\/strong> : le treillis ralentit la propagation en cas d\u2019incendie<\/li><li data-start=\"687\" data-end=\"747\"><strong data-start=\"689\" data-end=\"712\">Solution \u00e9conomique<\/strong> pour s\u00e9curiser les zones sensibles<\/li><li data-start=\"748\" data-end=\"814\"><strong data-start=\"750\" data-end=\"814\">Utilisation en vitrage simple ou int\u00e9gr\u00e9 \u00e0 un double vitrage<\/strong><\/li><\/ul><p data-start=\"816\" data-end=\"962\">Le vitrage arm\u00e9 est une option robuste et accessible pour s\u00e9curiser les ouvertures tout en assurant une protection de base contre les effractions.<\/p>\t\t\t\t\t\t\t\t<\/div>\n\t\t\t\t<\/div>\n\t\t\t\t<\/div>\n\t\t\t\t\t<\/div>\n\t\t\t\t<\/div>\n\t\t<div class=\"elementor-element elementor-element-7642e3d e-flex e-con-boxed e-con e-parent\" data-id=\"7642e3d\" data-element_type=\"container\" data-e-type=\"container\">\n\t\t\t\t\t<div class=\"e-con-inner\">\n\t\t<div class=\"elementor-element elementor-element-a79cf0d e-con-full e-flex e-con e-child\" data-id=\"a79cf0d\" data-element_type=\"container\" data-e-type=\"container\">\n\t\t\t\t<div class=\"elementor-element elementor-element-2b68256 elementor-widget elementor-widget-heading\" data-id=\"2b68256\" data-element_type=\"widget\" data-e-type=\"widget\" data-settings=\"{&quot;_animation_mobile&quot;:&quot;none&quot;}\" data-widget_type=\"heading.default\">\n\t\t\t\t<div class=\"elementor-widget-container\">\n\t\t\t\t\t<p class=\"elementor-heading-title elementor-size-default\">l\u2019alli\u00e9 confort pour votre habitat<\/p>\t\t\t\t<\/div>\n\t\t\t\t<\/div>\n\t\t\t\t<div class=\"elementor-element elementor-element-62c85dd elementor-widget elementor-widget-heading\" data-id=\"62c85dd\" data-element_type=\"widget\" data-e-type=\"widget\" data-widget_type=\"heading.default\">\n\t\t\t\t<div class=\"elementor-widget-container\">\n\t\t\t\t\t<h2 class=\"elementor-heading-title elementor-size-default\">Le double vitrage<\/h2>\t\t\t\t<\/div>\n\t\t\t\t<\/div>\n\t\t\t\t<div class=\"elementor-element elementor-element-95d6a7b elementor-widget elementor-widget-text-editor\" data-id=\"95d6a7b\" data-element_type=\"widget\" data-e-type=\"widget\" data-widget_type=\"text-editor.default\">\n\t\t\t\t<div class=\"elementor-widget-container\">\n\t\t\t\t\t\t\t\t\t<p data-start=\"132\" data-end=\"378\">Le <strong data-start=\"135\" data-end=\"153\">double vitrage<\/strong> est compos\u00e9 de deux vitres s\u00e9par\u00e9es par une lame d\u2019air ou de gaz (argon), formant une barri\u00e8re isolante tr\u00e8s efficace. C\u2019est aujourd\u2019hui la norme pour les fen\u00eatres modernes, aussi bien en r\u00e9novation qu\u2019en construction neuve.<\/p><h4 data-start=\"380\" data-end=\"420\">Les avantages du double vitrage :<\/h4><ul data-start=\"421\" data-end=\"805\"><li data-start=\"421\" data-end=\"522\"><strong data-start=\"423\" data-end=\"457\">Excellente isolation thermique<\/strong> : r\u00e9duit les pertes de chaleur et diminue la facture \u00e9nerg\u00e9tique<\/li><li data-start=\"523\" data-end=\"597\"><strong data-start=\"525\" data-end=\"547\">Confort acoustique<\/strong> : att\u00e9nue significativement les bruits ext\u00e9rieurs<\/li><li data-start=\"598\" data-end=\"654\"><strong data-start=\"600\" data-end=\"624\">Renforce la s\u00e9curit\u00e9<\/strong> par rapport au vitrage simple<\/li><li data-start=\"655\" data-end=\"707\"><strong data-start=\"657\" data-end=\"683\">Limite la condensation<\/strong> sur les vitres en hiver<\/li><li data-start=\"708\" data-end=\"805\"><strong data-start=\"710\" data-end=\"757\">Am\u00e9liore la valeur de votre bien immobilier<\/strong> gr\u00e2ce \u00e0 de meilleures performances \u00e9nerg\u00e9tiques<\/li><\/ul><p data-start=\"807\" data-end=\"976\">Le double vitrage est id\u00e9al pour allier confort, \u00e9conomies d\u2019\u00e9nergie et s\u00e9r\u00e9nit\u00e9 au quotidien, notamment dans les zones urbaines comme Chamb\u00e9ry ou les vall\u00e9es de Savoie.<\/p>\t\t\t\t\t\t\t\t<\/div>\n\t\t\t\t<\/div>\n\t\t\t\t<\/div>\n\t\t<div class=\"elementor-element elementor-element-f54cf5a e-con-full e-flex e-con e-child\" data-id=\"f54cf5a\" data-element_type=\"container\" data-e-type=\"container\">\n\t\t\t\t<div class=\"elementor-element elementor-element-38d13b7 elementor-widget elementor-widget-image\" data-id=\"38d13b7\" data-element_type=\"widget\" data-e-type=\"widget\" data-widget_type=\"image.default\">\n\t\t\t\t<div class=\"elementor-widget-container\">\n\t\t\t\t\t\t\t\t\t\t\t\t\t\t\t<img loading=\"lazy\" decoding=\"async\" width=\"1024\" height=\"1024\" src=\"https:\/\/i0.wp.com\/latoiledumenuisier.fr\/wp-content\/uploads\/2022\/08\/double-vitrage-isolation-thermique-6alu_0.jpg?fit=1024%2C1024&amp;ssl=1\" class=\"attachment-large size-large wp-image-243\" alt=\"\" srcset=\"https:\/\/i0.wp.com\/latoiledumenuisier.fr\/wp-content\/uploads\/2022\/08\/double-vitrage-isolation-thermique-6alu_0.jpg?w=1500&amp;ssl=1 1500w, https:\/\/i0.wp.com\/latoiledumenuisier.fr\/wp-content\/uploads\/2022\/08\/double-vitrage-isolation-thermique-6alu_0.jpg?resize=300%2C300&amp;ssl=1 300w, https:\/\/i0.wp.com\/latoiledumenuisier.fr\/wp-content\/uploads\/2022\/08\/double-vitrage-isolation-thermique-6alu_0.jpg?resize=1024%2C1024&amp;ssl=1 1024w, https:\/\/i0.wp.com\/latoiledumenuisier.fr\/wp-content\/uploads\/2022\/08\/double-vitrage-isolation-thermique-6alu_0.jpg?resize=150%2C150&amp;ssl=1 150w, https:\/\/i0.wp.com\/latoiledumenuisier.fr\/wp-content\/uploads\/2022\/08\/double-vitrage-isolation-thermique-6alu_0.jpg?resize=768%2C768&amp;ssl=1 768w, https:\/\/i0.wp.com\/latoiledumenuisier.fr\/wp-content\/uploads\/2022\/08\/double-vitrage-isolation-thermique-6alu_0.jpg?w=600&amp;ssl=1 600w\" sizes=\"(max-width: 1024px) 100vw, 1024px\" \/>\t\t\t\t\t\t\t\t\t\t\t\t\t\t\t<\/div>\n\t\t\t\t<\/div>\n\t\t\t\t<\/div>\n\t\t\t\t\t<\/div>\n\t\t\t\t<\/div>\n\t\t<div class=\"elementor-element elementor-element-5193d35 e-flex e-con-boxed e-con e-parent\" data-id=\"5193d35\" data-element_type=\"container\" data-e-type=\"container\">\n\t\t\t\t\t<div class=\"e-con-inner\">\n\t\t<div class=\"elementor-element elementor-element-87ba5cb e-con-full e-flex e-con e-child\" data-id=\"87ba5cb\" data-element_type=\"container\" data-e-type=\"container\">\n\t\t<div class=\"elementor-element elementor-element-02aed5b e-con-full e-flex e-con e-child\" data-id=\"02aed5b\" data-element_type=\"container\" data-e-type=\"container\">\n\t\t\t\t<div class=\"elementor-element elementor-element-a2f4e75 elementor-widget elementor-widget-heading\" data-id=\"a2f4e75\" data-element_type=\"widget\" data-e-type=\"widget\" data-widget_type=\"heading.default\">\n\t\t\t\t<div class=\"elementor-widget-container\">\n\t\t\t\t\t<p class=\"elementor-heading-title elementor-size-default\">Questions - R\u00e9ponses<\/p>\t\t\t\t<\/div>\n\t\t\t\t<\/div>\n\t\t\t\t<div class=\"elementor-element elementor-element-ac03b11 elementor-widget elementor-widget-heading\" data-id=\"ac03b11\" data-element_type=\"widget\" data-e-type=\"widget\" data-widget_type=\"heading.default\">\n\t\t\t\t<div class=\"elementor-widget-container\">\n\t\t\t\t\t<h2 class=\"elementor-heading-title elementor-size-default\">Tout savoir sur nos services de vitrerie \u00e0 Chamb\u00e9ry<\/h2>\t\t\t\t<\/div>\n\t\t\t\t<\/div>\n\t\t\t\t<div class=\"elementor-element elementor-element-eea4531 elementor-widget-divider--view-line elementor-widget elementor-widget-divider\" data-id=\"eea4531\" data-element_type=\"widget\" data-e-type=\"widget\" data-widget_type=\"divider.default\">\n\t\t\t\t<div class=\"elementor-widget-container\">\n\t\t\t\t\t\t\t<div class=\"elementor-divider\">\n\t\t\t<span class=\"elementor-divider-separator\">\n\t\t\t\t\t\t<\/span>\n\t\t<\/div>\n\t\t\t\t\t\t<\/div>\n\t\t\t\t<\/div>\n\t\t\t\t<\/div>\n\t\t\t\t<\/div>\n\t\t\t\t\t<\/div>\n\t\t\t\t<\/div>\n\t\t<div class=\"elementor-element elementor-element-311320d e-con-full e-flex e-con e-parent\" data-id=\"311320d\" data-element_type=\"container\" data-e-type=\"container\" data-settings=\"{&quot;background_background&quot;:&quot;classic&quot;}\">\n\t\t<div class=\"elementor-element elementor-element-12ee4e33 e-con-full e-flex e-con e-child\" data-id=\"12ee4e33\" data-element_type=\"container\" data-e-type=\"container\">\n\t\t\t\t<div class=\"elementor-element elementor-element-4bfbb556 elementor-widget elementor-widget-heading\" data-id=\"4bfbb556\" data-element_type=\"widget\" data-e-type=\"widget\" data-widget_type=\"heading.default\">\n\t\t\t\t<div class=\"elementor-widget-container\">\n\t\t\t\t\t<h3 class=\"elementor-heading-title elementor-size-default\">En cas de vitre cass\u00e9e, intervenez-vous rapidement \u00e0 Chamb\u00e9ry ?<\/h3>\t\t\t\t<\/div>\n\t\t\t\t<\/div>\n\t\t\t\t<div class=\"elementor-element elementor-element-50249b84 elementor-widget elementor-widget-text-editor\" data-id=\"50249b84\" data-element_type=\"widget\" data-e-type=\"widget\" data-widget_type=\"text-editor.default\">\n\t\t\t\t<div class=\"elementor-widget-container\">\n\t\t\t\t\t\t\t\t\t<p>Oui, nous proposons une intervention rapide sur Chamb\u00e9ry et dans toute la Savoie en cas d\u2019urgence (vitrine bris\u00e9e, effraction, vandalisme\u2026). Notre \u00e9quipe de vitriers se d\u00e9place pour s\u00e9curiser les lieux et remplacer la vitre dans les meilleurs d\u00e9lais.<\/p>\t\t\t\t\t\t\t\t<\/div>\n\t\t\t\t<\/div>\n\t\t\t\t<\/div>\n\t\t<div class=\"elementor-element elementor-element-60eaae8 e-con-full e-flex e-con e-child\" data-id=\"60eaae8\" data-element_type=\"container\" data-e-type=\"container\">\n\t\t\t\t<div class=\"elementor-element elementor-element-fc22f6e elementor-widget elementor-widget-heading\" data-id=\"fc22f6e\" data-element_type=\"widget\" data-e-type=\"widget\" data-widget_type=\"heading.default\">\n\t\t\t\t<div class=\"elementor-widget-container\">\n\t\t\t\t\t<h3 class=\"elementor-heading-title elementor-size-default\">Quels types de vitrage proposez-vous ?<\/h3>\t\t\t\t<\/div>\n\t\t\t\t<\/div>\n\t\t\t\t<div class=\"elementor-element elementor-element-586de0b7 elementor-widget elementor-widget-text-editor\" data-id=\"586de0b7\" data-element_type=\"widget\" data-e-type=\"widget\" data-widget_type=\"text-editor.default\">\n\t\t\t\t<div class=\"elementor-widget-container\">\n\t\t\t\t\t\t\t\t\t<p>Nous proposons un large choix de vitrages : simple, double, triple, feuillet\u00e9, tremp\u00e9, d\u00e9poli, opaque, blind\u00e9 ou arm\u00e9. Nous vous conseillons selon vos besoins en isolation, s\u00e9curit\u00e9, intimit\u00e9 ou esth\u00e9tique.<\/p>\t\t\t\t\t\t\t\t<\/div>\n\t\t\t\t<\/div>\n\t\t\t\t<\/div>\n\t\t<div class=\"elementor-element elementor-element-7bbe560 e-con-full e-flex e-con e-child\" data-id=\"7bbe560\" data-element_type=\"container\" data-e-type=\"container\">\n\t\t\t\t<div class=\"elementor-element elementor-element-7251979 elementor-widget elementor-widget-heading\" data-id=\"7251979\" data-element_type=\"widget\" data-e-type=\"widget\" data-widget_type=\"heading.default\">\n\t\t\t\t<div class=\"elementor-widget-container\">\n\t\t\t\t\t<h3 class=\"elementor-heading-title elementor-size-default\">Est-ce que vous remplacez les vitrages sur les menuiseries existantes ?<\/h3>\t\t\t\t<\/div>\n\t\t\t\t<\/div>\n\t\t\t\t<div class=\"elementor-element elementor-element-7d699892 elementor-widget elementor-widget-text-editor\" data-id=\"7d699892\" data-element_type=\"widget\" data-e-type=\"widget\" data-widget_type=\"text-editor.default\">\n\t\t\t\t<div class=\"elementor-widget-container\">\n\t\t\t\t\t\t\t\t\t<p>Oui, nous r\u00e9alisons le <strong data-start=\"913\" data-end=\"990\">remplacement de vitrages sur fen\u00eatres, portes ou baies vitr\u00e9es existantes<\/strong>, en nous adaptant \u00e0 vos menuiseries bois, PVC ou aluminium.<\/p>\t\t\t\t\t\t\t\t<\/div>\n\t\t\t\t<\/div>\n\t\t\t\t<\/div>\n\t\t\t\t<\/div>\n\t\t<div class=\"elementor-element elementor-element-ef36f12 e-con-full e-flex e-con e-parent\" data-id=\"ef36f12\" data-element_type=\"container\" data-e-type=\"container\" data-settings=\"{&quot;background_background&quot;:&quot;classic&quot;}\">\n\t\t<div class=\"elementor-element elementor-element-b762049 e-con-full e-flex e-con e-child\" data-id=\"b762049\" data-element_type=\"container\" data-e-type=\"container\">\n\t\t\t\t<div class=\"elementor-element elementor-element-226434f elementor-widget elementor-widget-heading\" data-id=\"226434f\" data-element_type=\"widget\" data-e-type=\"widget\" data-widget_type=\"heading.default\">\n\t\t\t\t<div class=\"elementor-widget-container\">\n\t\t\t\t\t<h3 class=\"elementor-heading-title elementor-size-default\">Est-ce que le double vitrage am\u00e9liore vraiment l\u2019isolation ?<\/h3>\t\t\t\t<\/div>\n\t\t\t\t<\/div>\n\t\t\t\t<div class=\"elementor-element elementor-element-6e5841f elementor-widget elementor-widget-text-editor\" data-id=\"6e5841f\" data-element_type=\"widget\" data-e-type=\"widget\" data-widget_type=\"text-editor.default\">\n\t\t\t\t<div class=\"elementor-widget-container\">\n\t\t\t\t\t\t\t\t\t<p>Absolument. Le <strong data-start=\"1137\" data-end=\"1208\">double vitrage am\u00e9liore nettement l\u2019isolation thermique et phonique<\/strong>. Il permet de limiter les pertes de chaleur et les nuisances sonores, ce qui est id\u00e9al dans une r\u00e9gion comme la Savoie, soumise aux variations de temp\u00e9rature.<\/p>\t\t\t\t\t\t\t\t<\/div>\n\t\t\t\t<\/div>\n\t\t\t\t<\/div>\n\t\t<div class=\"elementor-element elementor-element-d4a3599 e-con-full e-flex e-con e-child\" data-id=\"d4a3599\" data-element_type=\"container\" data-e-type=\"container\">\n\t\t\t\t<div class=\"elementor-element elementor-element-7dea25f elementor-widget elementor-widget-heading\" data-id=\"7dea25f\" data-element_type=\"widget\" data-e-type=\"widget\" data-widget_type=\"heading.default\">\n\t\t\t\t<div class=\"elementor-widget-container\">\n\t\t\t\t\t<h3 class=\"elementor-heading-title elementor-size-default\">Est-ce que je peux obtenir un devis gratuit ?<\/h3>\t\t\t\t<\/div>\n\t\t\t\t<\/div>\n\t\t\t\t<div class=\"elementor-element elementor-element-3be8280 elementor-widget elementor-widget-text-editor\" data-id=\"3be8280\" data-element_type=\"widget\" data-e-type=\"widget\" data-widget_type=\"text-editor.default\">\n\t\t\t\t<div class=\"elementor-widget-container\">\n\t\t\t\t\t\t\t\t\t<p>Bien s\u00fbr ! Contactez-nous par t\u00e9l\u00e9phone ou via notre formulaire en ligne pour un\u00a0<strong data-start=\"1721\" data-end=\"1771\">devis vitrerie gratuit \u00e0 Chamb\u00e9ry ou en Savoie<\/strong>, sans engagement.<\/p>\t\t\t\t\t\t\t\t<\/div>\n\t\t\t\t<\/div>\n\t\t\t\t<\/div>\n\t\t<div class=\"elementor-element elementor-element-12d98cb e-con-full e-flex e-con e-child\" data-id=\"12d98cb\" data-element_type=\"container\" data-e-type=\"container\">\n\t\t\t\t<div class=\"elementor-element elementor-element-ec087f4 elementor-widget elementor-widget-heading\" data-id=\"ec087f4\" data-element_type=\"widget\" data-e-type=\"widget\" data-widget_type=\"heading.default\">\n\t\t\t\t<div class=\"elementor-widget-container\">\n\t\t\t\t\t<h3 class=\"elementor-heading-title elementor-size-default\">Un autre question ?<\/h3>\t\t\t\t<\/div>\n\t\t\t\t<\/div>\n\t\t\t\t<div class=\"elementor-element elementor-element-988e501 elementor-widget elementor-widget-text-editor\" data-id=\"988e501\" data-element_type=\"widget\" data-e-type=\"widget\" data-widget_type=\"text-editor.default\">\n\t\t\t\t<div class=\"elementor-widget-container\">\n\t\t\t\t\t\t\t\t\t<p>Contactez notre \u00e9quipe d\u00e8s maintenant !<\/p>\t\t\t\t\t\t\t\t<\/div>\n\t\t\t\t<\/div>\n\t\t\t\t<div class=\"elementor-element elementor-element-aa65b0c elementor-widget elementor-widget-premium-addon-image-button\" data-id=\"aa65b0c\" data-element_type=\"widget\" data-e-type=\"widget\" data-settings=\"{&quot;_animation_tablet&quot;:&quot;none&quot;,&quot;_animation_mobile&quot;:&quot;none&quot;}\" data-widget_type=\"premium-addon-image-button.default\">\n\t\t\t\t<div class=\"elementor-widget-container\">\n\t\t\t\t\t\n\t\t<a class=\"premium-image-button-none premium-image-button premium-btn-md premium-image-button-none\" href=\"tel:0616490565\">\n\t\t\t<div class=\"premium-image-button-text-icon-wrapper\">\n\n\t\t\t\t\n\t\t\t\t\t\t\t\t\t<span >\n\t\t\t\t\t\t06 16 49 05 65\t\t\t\t\t<\/span>\n\t\t\t\t\n\t\t\t<\/div>\n\n\t\t\t\n\t\t\t\n\t\t\t\n\t\t<\/a>\n\n\t\t\t\t\t\t<\/div>\n\t\t\t\t<\/div>\n\t\t\t\t<\/div>\n\t\t\t\t<\/div>\n\t\t<div class=\"elementor-element elementor-element-6e5a12fa e-con-full e-flex e-con e-parent\" data-id=\"6e5a12fa\" data-element_type=\"container\" data-e-type=\"container\" data-settings=\"{&quot;background_background&quot;:&quot;classic&quot;}\">\n\t\t<div class=\"elementor-element elementor-element-6da79ea5 e-con-full e-flex e-con e-child\" data-id=\"6da79ea5\" data-element_type=\"container\" data-e-type=\"container\">\n\t\t<div class=\"elementor-element elementor-element-7967304 e-con-full e-flex e-con e-child\" data-id=\"7967304\" data-element_type=\"container\" data-e-type=\"container\">\n\t\t\t\t<div class=\"elementor-element elementor-element-3a48c05f elementor-widget elementor-widget-heading\" data-id=\"3a48c05f\" data-element_type=\"widget\" data-e-type=\"widget\" data-widget_type=\"heading.default\">\n\t\t\t\t<div class=\"elementor-widget-container\">\n\t\t\t\t\t<p class=\"elementor-heading-title elementor-size-default\">\u00a92025 La Toile du Menuisier.<\/p>\t\t\t\t<\/div>\n\t\t\t\t<\/div>\n\t\t\t\t<div class=\"elementor-element elementor-element-909c037 elementor-widget elementor-widget-heading\" data-id=\"909c037\" data-element_type=\"widget\" data-e-type=\"widget\" data-widget_type=\"heading.default\">\n\t\t\t\t<div class=\"elementor-widget-container\">\n\t\t\t\t\t<p class=\"elementor-heading-title elementor-size-default\"><a href=\"https:\/\/latoiledumenuisier.fr\/index.php\/mentions-legales\/\">Mentions l\u00e9gales.<\/a><\/p>\t\t\t\t<\/div>\n\t\t\t\t<\/div>\n\t\t\t\t<\/div>\n\t\t<div class=\"elementor-element elementor-element-a1c69ce e-con-full e-flex e-con e-child\" data-id=\"a1c69ce\" data-element_type=\"container\" data-e-type=\"container\">\n\t\t\t\t<div class=\"elementor-element elementor-element-5ae229a7 elementor-view-framed elementor-shape-circle elementor-widget elementor-widget-icon\" data-id=\"5ae229a7\" data-element_type=\"widget\" data-e-type=\"widget\" data-widget_type=\"icon.default\">\n\t\t\t\t<div class=\"elementor-widget-container\">\n\t\t\t\t\t\t\t<div class=\"elementor-icon-wrapper\">\n\t\t\t<a class=\"elementor-icon\" href=\"tel:0616490565\">\n\t\t\t<i aria-hidden=\"true\" class=\"fas fa-phone-alt\"><\/i>\t\t\t<\/a>\n\t\t<\/div>\n\t\t\t\t\t\t<\/div>\n\t\t\t\t<\/div>\n\t\t\t\t<div class=\"elementor-element elementor-element-36afa0a5 elementor-view-framed elementor-shape-circle elementor-widget elementor-widget-icon\" data-id=\"36afa0a5\" data-element_type=\"widget\" data-e-type=\"widget\" data-widget_type=\"icon.default\">\n\t\t\t\t<div class=\"elementor-widget-container\">\n\t\t\t\t\t\t\t<div class=\"elementor-icon-wrapper\">\n\t\t\t<a class=\"elementor-icon\" href=\"mailto:latoiledumenuisier@gmail.com\">\n\t\t\t<i aria-hidden=\"true\" class=\"far fa-envelope\"><\/i>\t\t\t<\/a>\n\t\t<\/div>\n\t\t\t\t\t\t<\/div>\n\t\t\t\t<\/div>\n\t\t\t\t<\/div>\n\t\t<div class=\"elementor-element elementor-element-30ecd12 e-con-full e-flex e-con e-child\" data-id=\"30ecd12\" data-element_type=\"container\" data-e-type=\"container\">\n\t\t\t\t<div class=\"elementor-element elementor-element-7edd569f elementor-widget elementor-widget-heading\" data-id=\"7edd569f\" data-element_type=\"widget\" data-e-type=\"widget\" data-widget_type=\"heading.default\">\n\t\t\t\t<div class=\"elementor-widget-container\">\n\t\t\t\t\t<p class=\"elementor-heading-title elementor-size-default\"><a href=\"https:\/\/www.whitepapercom.fr\">Conception : White Paper Communication<\/a><\/p>\t\t\t\t<\/div>\n\t\t\t\t<\/div>\n\t\t\t\t<\/div>\n\t\t\t\t<\/div>\n\t\t\t\t<\/div>\n\t\t\t\t<\/div>\n\t\t","protected":false},"excerpt":{"rendered":"<p>Une urgence ou un projet d&rsquo;am\u00e9lioration de vos vitrages ? S\u00c9CURISATION, AM\u00c9LIORATION PHONIQUE Vous avez un projet de r\u00e9novation ou une vitre cass\u00e9e \u00e0 remplacer en urgence ? La Toile du Menuisier, vitrier \u00e0 Chamb\u00e9ry, intervient rapidement pour le remplacement de vitrages cass\u00e9s ou pour l&rsquo;am\u00e9lioration de votre confort thermique et phonique. Vitre cass\u00e9e ou [&hellip;]<\/p>\n","protected":false},"author":2,"featured_media":0,"parent":0,"menu_order":0,"comment_status":"closed","ping_status":"closed","template":"elementor_header_footer","meta":{"om_disable_all_campaigns":false,"_monsterinsights_skip_tracking":false,"_monsterinsights_sitenote_active":false,"_monsterinsights_sitenote_note":"","_monsterinsights_sitenote_category":0,"footnotes":""},"class_list":["post-20","page","type-page","status-publish","hentry","entry"],"aioseo_notices":[],"jetpack_sharing_enabled":true,"_links":{"self":[{"href":"https:\/\/latoiledumenuisier.fr\/index.php\/wp-json\/wp\/v2\/pages\/20","targetHints":{"allow":["GET"]}}],"collection":[{"href":"https:\/\/latoiledumenuisier.fr\/index.php\/wp-json\/wp\/v2\/pages"}],"about":[{"href":"https:\/\/latoiledumenuisier.fr\/index.php\/wp-json\/wp\/v2\/types\/page"}],"author":[{"embeddable":true,"href":"https:\/\/latoiledumenuisier.fr\/index.php\/wp-json\/wp\/v2\/users\/2"}],"replies":[{"embeddable":true,"href":"https:\/\/latoiledumenuisier.fr\/index.php\/wp-json\/wp\/v2\/comments?post=20"}],"version-history":[{"count":55,"href":"https:\/\/latoiledumenuisier.fr\/index.php\/wp-json\/wp\/v2\/pages\/20\/revisions"}],"predecessor-version":[{"id":1353,"href":"https:\/\/latoiledumenuisier.fr\/index.php\/wp-json\/wp\/v2\/pages\/20\/revisions\/1353"}],"wp:attachment":[{"href":"https:\/\/latoiledumenuisier.fr\/index.php\/wp-json\/wp\/v2\/media?parent=20"}],"curies":[{"name":"wp","href":"https:\/\/api.w.org\/{rel}","templated":true}]}}